{"id":11634,"date":"2016-02-23T18:14:01","date_gmt":"2016-02-23T18:14:01","guid":{"rendered":"http:\/\/arbeitsrecht-hernichel.com\/?page_id=11634"},"modified":"2017-11-24T17:54:06","modified_gmt":"2017-11-24T15:54:06","slug":"kanzlei","status":"publish","type":"page","link":"http:\/\/arbeitsrecht-hernichel.com\/?page_id=11634","title":{"rendered":"Kanzlei"},"content":{"rendered":"<div  class=\"fusion-fullwidth fullwidth-box hundred-percent-fullwidth\"  style='background-color: rgba(255,255,255,0);background-position: center center;background-repeat: no-repeat;padding-top:0px;padding-right:0px;padding-bottom:0px;padding-left:0px;'><div class=\"fusion-builder-row fusion-row \"><div  class=\"fusion-layout-column fusion_builder_column fusion_builder_column_1_2  fusion-one-half fusion-column-first 1_2\"  style='margin-top:0px;margin-bottom:20px;width:48%; margin-right: 4%;'>\n\t\t\t<div class=\"fusion-column-wrapper\" style=\"background-position:left top;background-repeat:no-repeat;-webkit-background-size:cover;-moz-background-size:cover;-o-background-size:cover;background-size:cover;\"  data-bg-url=\"\">\n\t\t\t\t<div class=\"fusion-image-carousel fusion-image-carousel-auto lightbox-enabled\"><div class=\"fusion-carousel\" data-autoplay=\"no\" data-columns=\"1\" data-itemmargin=\"0\" data-itemwidth=\"180\" data-touchscroll=\"no\" data-imagesize=\"auto\"><div class=\"fusion-carousel-positioner\"><ul class=\"fusion-carousel-holder\"><li class=\"fusion-carousel-item\"><div class=\"fusion-carousel-item-wrapper\"><div class=\"fusion-image-wrapper hover-type-none\"><a data-rel=\"iLightbox[gallery_image_1]\" data-title=\"dr_hernichel_1_021117\" href=\"http:\/\/arbeitsrecht-hernichel.com\/wp-content\/uploads\/2017\/11\/Dr_Hernichel_1_021117.jpg\" target=\"_self\"><img width=\"1311\" height=\"744\" src=\"http:\/\/arbeitsrecht-hernichel.com\/wp-content\/uploads\/2017\/11\/Dr_Hernichel_1_021117.jpg\" class=\"attachment-full size-full\" alt=\"\" decoding=\"async\" loading=\"lazy\" srcset=\"http:\/\/arbeitsrecht-hernichel.com\/wp-content\/uploads\/2017\/11\/Dr_Hernichel_1_021117-200x114.jpg 200w, http:\/\/arbeitsrecht-hernichel.com\/wp-content\/uploads\/2017\/11\/Dr_Hernichel_1_021117-300x170.jpg 300w, http:\/\/arbeitsrecht-hernichel.com\/wp-content\/uploads\/2017\/11\/Dr_Hernichel_1_021117-400x227.jpg 400w, http:\/\/arbeitsrecht-hernichel.com\/wp-content\/uploads\/2017\/11\/Dr_Hernichel_1_021117-600x341.jpg 600w, http:\/\/arbeitsrecht-hernichel.com\/wp-content\/uploads\/2017\/11\/Dr_Hernichel_1_021117-768x436.jpg 768w, http:\/\/arbeitsrecht-hernichel.com\/wp-content\/uploads\/2017\/11\/Dr_Hernichel_1_021117-800x454.jpg 800w, http:\/\/arbeitsrecht-hernichel.com\/wp-content\/uploads\/2017\/11\/Dr_Hernichel_1_021117-1024x581.jpg 1024w, http:\/\/arbeitsrecht-hernichel.com\/wp-content\/uploads\/2017\/11\/Dr_Hernichel_1_021117-1200x681.jpg 1200w, http:\/\/arbeitsrecht-hernichel.com\/wp-content\/uploads\/2017\/11\/Dr_Hernichel_1_021117.jpg 1311w\" sizes=\"(max-width: 1311px) 100vw, 1311px\" \/><\/a><\/div><\/div><\/li><\/ul><div class=\"fusion-carousel-nav\"><span class=\"fusion-nav-prev\"><\/span><span class=\"fusion-nav-next\"><\/span><\/div><\/div><\/div><\/div><p><em>Gegen den Wind zu kreuzen bringt einen manchmal schneller zum Ziel als mit dem Wind zu segeln. Ich bringe Sie auch in st\u00fcrmischen Zeiten in den sicheren Hafen.<\/em><\/p>\n<div class=\"fusion-clearfix\"><\/div>\n\n\t\t\t<\/div>\n\t\t<\/div><div  class=\"fusion-layout-column fusion_builder_column fusion_builder_column_1_2  fusion-one-half fusion-column-last 1_2\"  style='margin-top:0px;margin-bottom:20px;width:48%'>\n\t\t\t<div class=\"fusion-column-wrapper\" style=\"background-position:left top;background-repeat:no-repeat;-webkit-background-size:cover;-moz-background-size:cover;-o-background-size:cover;background-size:cover;\"  data-bg-url=\"\">\n\t\t\t\t<div class=\"fusion-title title fusion-title-size-one\" style=\"margin-top:0px;margin-bottom:31px;\"><h1 class=\"title-heading-left\">Dr. Erhard Hernichel<\/h1><div class=\"title-sep-container\"><div class=\"title-sep sep-double\"><\/div><\/div><\/div><p><strong>Rechtsanwalt und Fachanwalt f\u00fcr Arbeitsrecht<\/strong><br \/>\n<strong> Inhaber der Kanzlei f\u00fcr Arbeitsrecht<\/strong><\/p>\n<p>Das Leben nimmt manchmal ungeahnten Kurs. Und wenn die Wellen besonders hoch schlagen, braucht man jemanden an seiner Seite, der mit Professionalit\u00e4t, Erfahrung und Durchsetzungskraft das Steuerrad in die Hand nimmt.<\/p>\n<p>Mein Beruf ist meine \u00dcberzeugung. Aus diesem Grund vertrete ich Ihre Interessen erfolgsorientiert und mit gro\u00dfem pers\u00f6nlichem Engagement. In enger Zusammenarbeit erarbeiten wir f\u00fcr Ihren Rechtsfall eine individuelle Strategie f\u00fcr Ihren Erfolg. Dabei gew\u00e4hrleiste ich Ihnen eine pers\u00f6nliche Betreuung und nat\u00fcrlich eine gute Erreichbarkeit.<\/p>\n<p>Als Rechtsanwalt und Fachanwalt f\u00fcr Arbeitsrecht habe ich mich in Frankfurt am Main durch qualifizierte Beratung und Vertretung einer Vielzahl von Arbeitnehmern, sowie die Betreuung zahlreicher Betriebsr\u00e4te unterschiedlicher Branchen als praxiserfahrener Experte etabliert.<\/p>\n<p>Bereits seit 1998 bin ich als selbst\u00e4ndiger Rechtsanwalt auf dem Gebiet des Arbeitsrechts t\u00e4tig. Im Jahr 2003 wurde ich Fachanwalt f\u00fcr Arbeitsrecht. Zuvor war ich wissenschaftlicher Referent im Institut f\u00fcr Arbeitsrecht und Arbeitsbeziehungen in der Europ\u00e4ischen Gemeinschaft (IAAEG) in Trier.<\/p>\n<div class=\"fusion-clearfix\"><\/div>\n\n\t\t\t<\/div>\n\t\t<\/div><div  class=\"fusion-layout-column fusion_builder_column fusion_builder_column_1_1  fusion-one-full fusion-column-first fusion-column-last 1_1\"  style='margin-top:0px;margin-bottom:20px;'>\n\t\t\t<div class=\"fusion-column-wrapper\" style=\"background-position:left top;background-repeat:no-repeat;-webkit-background-size:cover;-moz-background-size:cover;-o-background-size:cover;background-size:cover;\"  data-bg-url=\"\">\n\t\t\t\t<div class=\"fusion-title title fusion-title-size-one\" style=\"margin-top:0px;margin-bottom:31px;\"><h1 class=\"title-heading-left\">Das Kanzlei-Team<\/h1><div class=\"title-sep-container\"><div class=\"title-sep sep-double\"><\/div><\/div><\/div><div class=\"fusion-clearfix\"><\/div>\n\n\t\t\t<\/div>\n\t\t<\/div><div  class=\"fusion-layout-column fusion_builder_column fusion_builder_column_1_2  fusion-one-half fusion-column-first 1_2\"  style='margin-top:0px;margin-bottom:20px;width:48%; margin-right: 4%;'>\n\t\t\t<div class=\"fusion-column-wrapper\" style=\"background-position:left top;background-repeat:no-repeat;-webkit-background-size:cover;-moz-background-size:cover;-o-background-size:cover;background-size:cover;\"  data-bg-url=\"\">\n\t\t\t\t<span class=\"fusion-imageframe imageframe-none imageframe-1 hover-type-none\"><img decoding=\"async\" loading=\"lazy\" src=\"http:\/\/arbeitsrecht-hernichel.com\/wp-content\/uploads\/2016\/02\/Bilder_breit_Sekret\u00e4rin1.jpg\" width=\"437\" height=\"248\" alt=\"\" title=\"Bilder_breit_Sekret\u00e4rin1\" class=\"img-responsive wp-image-11915\" srcset=\"http:\/\/arbeitsrecht-hernichel.com\/wp-content\/uploads\/2016\/02\/Bilder_breit_Sekret\u00e4rin1-200x114.jpg 200w, http:\/\/arbeitsrecht-hernichel.com\/wp-content\/uploads\/2016\/02\/Bilder_breit_Sekret\u00e4rin1-400x227.jpg 400w, http:\/\/arbeitsrecht-hernichel.com\/wp-content\/uploads\/2016\/02\/Bilder_breit_Sekret\u00e4rin1.jpg 437w\" sizes=\"(max-width: 800px) 100vw, 1100px\" \/><\/span><p><strong><br \/>\nFrau Aileen Joachimi<\/strong><\/p>\n<div class=\"fusion-clearfix\"><\/div>\n\n\t\t\t<\/div>\n\t\t<\/div><div  class=\"fusion-layout-column fusion_builder_column fusion_builder_column_1_2  fusion-one-half fusion-column-last 1_2\"  style='margin-top:0px;margin-bottom:20px;width:48%'>\n\t\t\t<div class=\"fusion-column-wrapper\" style=\"background-position:left top;background-repeat:no-repeat;-webkit-background-size:cover;-moz-background-size:cover;-o-background-size:cover;background-size:cover;\"  data-bg-url=\"\">\n\t\t\t\t<span class=\"fusion-imageframe imageframe-none imageframe-2 hover-type-none\"><img decoding=\"async\" loading=\"lazy\" src=\"http:\/\/arbeitsrecht-hernichel.com\/wp-content\/uploads\/2016\/02\/Bilder_breit_Sekret\u00e4rin2.jpg\" width=\"437\" height=\"248\" alt=\"\" title=\"Bilder_breit_Sekret\u00e4rin2\" class=\"img-responsive wp-image-11916\" srcset=\"http:\/\/arbeitsrecht-hernichel.com\/wp-content\/uploads\/2016\/02\/Bilder_breit_Sekret\u00e4rin2-200x114.jpg 200w, http:\/\/arbeitsrecht-hernichel.com\/wp-content\/uploads\/2016\/02\/Bilder_breit_Sekret\u00e4rin2-400x227.jpg 400w, http:\/\/arbeitsrecht-hernichel.com\/wp-content\/uploads\/2016\/02\/Bilder_breit_Sekret\u00e4rin2.jpg 437w\" sizes=\"(max-width: 800px) 100vw, 1100px\" \/><\/span><p><strong><br \/>\nFrau Edeltraud Dessau-Ullrich<\/strong><\/p>\n<div class=\"fusion-clearfix\"><\/div>\n\n\t\t\t<\/div>\n\t\t<\/div><div  class=\"fusion-layout-column fusion_builder_column fusion_builder_column_1_1  fusion-one-full fusion-column-first fusion-column-last 1_1\"  style='margin-top:0px;margin-bottom:20px;'>\n\t\t\t<div class=\"fusion-column-wrapper\" style=\"background-position:left top;background-repeat:no-repeat;-webkit-background-size:cover;-moz-background-size:cover;-o-background-size:cover;background-size:cover;\"  data-bg-url=\"\">\n\t\t\t\t<p><strong>Ansprechpartnerinnen im Sekretariat<\/strong><\/p>\n<p>Rechtsanwaltsfachangestellte Frau Aileen Joachimi und Frau Edeltraud Dessau Ullrich erledigen das B\u00fcromanagement und die technische Abwicklung des Mandats. Sie sind Ihre Ansprechpartnerinnen in allen organisatorischen Belangen, sorgen f\u00fcr zeitnahe Besprechungstermine\u00a0 und stehen f\u00fcr Sachstandsmitteilungen und \u00e4hnliche Anliegen zur Verf\u00fcgung.<\/p>\n<div class=\"fusion-clearfix\"><\/div>\n\n\t\t\t<\/div>\n\t\t<\/div><div  class=\"fusion-layout-column fusion_builder_column fusion_builder_column_1_2  fusion-one-half fusion-column-first 1_2\"  style='margin-top:0px;margin-bottom:20px;width:48%; margin-right: 4%;'>\n\t\t\t<div class=\"fusion-column-wrapper\" style=\"background-position:left top;background-repeat:no-repeat;-webkit-background-size:cover;-moz-background-size:cover;-o-background-size:cover;background-size:cover;\"  data-bg-url=\"\">\n\t\t\t\t<div class=\"fusion-title title fusion-title-size-one\" style=\"margin-top:0px;margin-bottom:31px;\"><h1 class=\"title-heading-left\">Das spricht f\u00fcr uns:<\/h1><div class=\"title-sep-container\"><div class=\"title-sep sep-double\"><\/div><\/div><\/div><ul class=\"fusion-checklist fusion-checklist-1\" style=\"font-size:14px;line-height:23.8px;\"><li class=\"fusion-li-item\"><span style=\"height:23.8px;width:23.8px;margin-right:9.8px;\" class=\"icon-wrapper circle-no\"><i class=\"fusion-li-icon fa fa-chevron-circle-right\" style=\"color:#d2b386;\"><\/i><\/span><div class=\"fusion-li-item-content\" style=\"margin-left:33.6px;\">erfolgreich abgeschlossene Mandate und zufriedene Mandanten<\/div><\/li><li class=\"fusion-li-item\"><span style=\"height:23.8px;width:23.8px;margin-right:9.8px;\" class=\"icon-wrapper circle-no\"><i class=\"fusion-li-icon fa fa-chevron-circle-right\" style=\"color:#d2b386;\"><\/i><\/span><div class=\"fusion-li-item-content\" style=\"margin-left:33.6px;\">langj\u00e4hrige Erfahrung als Fachanwalt f\u00fcr Arbeitsrecht<\/div><\/li><li class=\"fusion-li-item\"><span style=\"height:23.8px;width:23.8px;margin-right:9.8px;\" class=\"icon-wrapper circle-no\"><i class=\"fusion-li-icon fa fa-chevron-circle-right\" style=\"color:#d2b386;\"><\/i><\/span><div class=\"fusion-li-item-content\" style=\"margin-left:33.6px;\">Durchsetzungskraft und Verhandlungsgeschick<\/div><\/li><li class=\"fusion-li-item\"><span style=\"height:23.8px;width:23.8px;margin-right:9.8px;\" class=\"icon-wrapper circle-no\"><i class=\"fusion-li-icon fa fa-chevron-circle-right\" style=\"color:#d2b386;\"><\/i><\/span><div class=\"fusion-li-item-content\" style=\"margin-left:33.6px;\">pers\u00f6nliche Betreuung durch den Kanzleiinhaber<\/div><\/li><li class=\"fusion-li-item\"><span style=\"height:23.8px;width:23.8px;margin-right:9.8px;\" class=\"icon-wrapper circle-no\"><i class=\"fusion-li-icon fa fa-chevron-circle-right\" style=\"color:#d2b386;\"><\/i><\/span><div class=\"fusion-li-item-content\" style=\"margin-left:33.6px;\">gute Erreichbarkeit f\u00fcr den Mandanten<\/div><\/li><li class=\"fusion-li-item\"><span style=\"height:23.8px;width:23.8px;margin-right:9.8px;\" class=\"icon-wrapper circle-no\"><i class=\"fusion-li-icon fa fa-chevron-circle-right\" style=\"color:#d2b386;\"><\/i><\/span><div class=\"fusion-li-item-content\" style=\"margin-left:33.6px;\">serviceorientiertes und freundliches Team<\/div><\/li><\/ul><div class=\"fusion-clearfix\"><\/div>\n\n\t\t\t<\/div>\n\t\t<\/div><div  class=\"fusion-layout-column fusion_builder_column fusion_builder_column_1_2  fusion-one-half fusion-column-last 1_2\"  style='margin-top:0px;margin-bottom:20px;width:48%'>\n\t\t\t<div class=\"fusion-column-wrapper\" style=\"background-position:left top;background-repeat:no-repeat;-webkit-background-size:cover;-moz-background-size:cover;-o-background-size:cover;background-size:cover;\"  data-bg-url=\"\">\n\t\t\t\t<div class=\"fusion-title title fusion-title-size-one\" style=\"margin-top:0px;margin-bottom:31px;\"><h1 class=\"title-heading-left\">Mandanten kommen zu Wort<\/h1><div class=\"title-sep-container\"><div class=\"title-sep sep-double\"><\/div><\/div><\/div><div class=\"fusion-testimonials classic fusion-testimonials-1\" data-random=\"0\"><style type=\"text\/css\" scoped=\"scoped\">#fusion-testimonials-1 a{border-color:#747474;}#fusion-testimonials-1 a:hover, #fusion-testimonials-1 .activeSlide{background-color: #747474;}.fusion-testimonials.classic.fusion-testimonials-1 .author:after{border-top-color:#f6f6f6 !important;}<\/style><div class=\"reviews\"><div class=\"review male\"><blockquote><q style=\"background-color:#f6f6f6;color:#747474;\">Ich habe Herrn Dr. Hernichel aufgrund einer pers\u00f6nlichen Empfehlung als meinen Anwalt ausgew\u00e4hlt, nachdem ich vom Arbeitgeber eine K\u00fcndigung bekommen hatte. Herr Dr. Hernichel hat sich von Anfang an immer viel Zeit f\u00fcr mich genommen. Wenn ich Fragen hatte, war er stets gut zu erreichen oder hat schnell zur\u00fcckgerufen. Vor dem Arbeitsgericht haben wir dann ein hervorragendes Ergebnis erzielt. Arbeiten wollte ich bei meinem ehemaligen Arbeitgeber nicht mehr. Mit so einer Abfindung h\u00e4tte ich aber wirklich nicht gerechnet. Ich war mit Herrn Dr. Hernichel jederzeit sehr zufrieden und kann ihn nur weiterempfehlen.<\/q><\/blockquote><div class=\"author\" style=\"color:#747474;\"><span class=\"testimonial-thumbnail doe\" style=\"color:#747474;\"><\/span><span class=\"company-name\"><strong>Michael F.<\/strong><\/span><\/div><\/div><div class=\"review male\"><blockquote><q style=\"background-color:#f6f6f6;color:#747474;\">Als Betriebsrat braucht man einen Anwalt, der sich im Betriebsverfassungsgesetz gut auskennt. Herr Dr. Hernichel hat f\u00fcr uns einen Interessenausgleich und Sozialplan verhandelt. Mit dem Ergebnis waren alle sehr zufrieden, insbesondere die betroffenen Arbeitnehmer. Auch wenn nichts Besonderes ansteht, k\u00f6nnen wir Herrn Dr. Hernichel anrufen und erhalten zu Fragen aus unserem Tagesgesch\u00e4ft immer eine freundliche und kompetente Antwort. Wir werden auch weiterhin gerne mit Herrn Dr. Hernichel zusammenarbeiten.<\/q><\/blockquote><div class=\"author\" style=\"color:#747474;\"><span class=\"testimonial-thumbnail doe\" style=\"color:#747474;\"><\/span><span class=\"company-name\"><strong>Jochen H.<\/strong>, <span>Betriebsratsvorsitzender<\/span><\/span><\/div><\/div><\/div><\/div><div class=\"fusion-clearfix\"><\/div>\n\n\t\t\t<\/div>\n\t\t<\/div><\/div><\/div>\n","protected":false},"excerpt":{"rendered":"","protected":false},"author":1,"featured_media":0,"parent":0,"menu_order":0,"comment_status":"closed","ping_status":"closed","template":"","meta":[],"yoast_head":"<!-- This site is optimized with the Yoast SEO plugin v19.14 - https:\/\/yoast.com\/wordpress\/plugins\/seo\/ -->\n<title>Kanzlei - Kanzlei f\u00fcr Arbeitsrecht Dr. Hernichel<\/title>\n<meta name=\"robots\" content=\"index, follow, max-snippet:-1, max-image-preview:large, max-video-preview:-1\" \/>\n<link rel=\"canonical\" href=\"http:\/\/arbeitsrecht-hernichel.com\/?page_id=11634\" \/>\n<meta property=\"og:locale\" content=\"de_DE\" \/>\n<meta property=\"og:type\" content=\"article\" \/>\n<meta property=\"og:title\" content=\"Kanzlei - Kanzlei f\u00fcr Arbeitsrecht Dr. Hernichel\" \/>\n<meta property=\"og:url\" content=\"http:\/\/arbeitsrecht-hernichel.com\/?page_id=11634\" \/>\n<meta property=\"og:site_name\" content=\"Kanzlei f\u00fcr Arbeitsrecht Dr. Hernichel\" \/>\n<meta property=\"article:modified_time\" content=\"2017-11-24T15:54:06+00:00\" \/>\n<meta name=\"twitter:card\" content=\"summary_large_image\" \/>\n<meta name=\"twitter:label1\" content=\"Gesch\u00e4tzte Lesezeit\" \/>\n\t<meta name=\"twitter:data1\" content=\"6 Minuten\" \/>\n<script type=\"application\/ld+json\" class=\"yoast-schema-graph\">{\"@context\":\"https:\/\/schema.org\",\"@graph\":[{\"@type\":\"WebPage\",\"@id\":\"http:\/\/arbeitsrecht-hernichel.com\/?page_id=11634\",\"url\":\"http:\/\/arbeitsrecht-hernichel.com\/?page_id=11634\",\"name\":\"Kanzlei - Kanzlei f\u00fcr Arbeitsrecht Dr. Hernichel\",\"isPartOf\":{\"@id\":\"http:\/\/arbeitsrecht-hernichel.com\/#website\"},\"datePublished\":\"2016-02-23T18:14:01+00:00\",\"dateModified\":\"2017-11-24T15:54:06+00:00\",\"breadcrumb\":{\"@id\":\"http:\/\/arbeitsrecht-hernichel.com\/?page_id=11634#breadcrumb\"},\"inLanguage\":\"de-DE\",\"potentialAction\":[{\"@type\":\"ReadAction\",\"target\":[\"http:\/\/arbeitsrecht-hernichel.com\/?page_id=11634\"]}]},{\"@type\":\"BreadcrumbList\",\"@id\":\"http:\/\/arbeitsrecht-hernichel.com\/?page_id=11634#breadcrumb\",\"itemListElement\":[{\"@type\":\"ListItem\",\"position\":1,\"name\":\"Startseite\",\"item\":\"http:\/\/arbeitsrecht-hernichel.com\/\"},{\"@type\":\"ListItem\",\"position\":2,\"name\":\"Kanzlei\"}]},{\"@type\":\"WebSite\",\"@id\":\"http:\/\/arbeitsrecht-hernichel.com\/#website\",\"url\":\"http:\/\/arbeitsrecht-hernichel.com\/\",\"name\":\"Kanzlei f\u00fcr Arbeitsrecht Dr. Hernichel\",\"description\":\"Erfolg im Arbeitsrecht f\u00fcr Arbeitnehmer und Betriebsr\u00e4te!\",\"potentialAction\":[{\"@type\":\"SearchAction\",\"target\":{\"@type\":\"EntryPoint\",\"urlTemplate\":\"http:\/\/arbeitsrecht-hernichel.com\/?s={search_term_string}\"},\"query-input\":\"required name=search_term_string\"}],\"inLanguage\":\"de-DE\"}]}<\/script>\n<!-- \/ Yoast SEO plugin. -->","yoast_head_json":{"title":"Kanzlei - Kanzlei f\u00fcr Arbeitsrecht Dr. Hernichel","robots":{"index":"index","follow":"follow","max-snippet":"max-snippet:-1","max-image-preview":"max-image-preview:large","max-video-preview":"max-video-preview:-1"},"canonical":"http:\/\/arbeitsrecht-hernichel.com\/?page_id=11634","og_locale":"de_DE","og_type":"article","og_title":"Kanzlei - Kanzlei f\u00fcr Arbeitsrecht Dr. Hernichel","og_url":"http:\/\/arbeitsrecht-hernichel.com\/?page_id=11634","og_site_name":"Kanzlei f\u00fcr Arbeitsrecht Dr. Hernichel","article_modified_time":"2017-11-24T15:54:06+00:00","twitter_card":"summary_large_image","twitter_misc":{"Gesch\u00e4tzte Lesezeit":"6 Minuten"},"schema":{"@context":"https:\/\/schema.org","@graph":[{"@type":"WebPage","@id":"http:\/\/arbeitsrecht-hernichel.com\/?page_id=11634","url":"http:\/\/arbeitsrecht-hernichel.com\/?page_id=11634","name":"Kanzlei - Kanzlei f\u00fcr Arbeitsrecht Dr. Hernichel","isPartOf":{"@id":"http:\/\/arbeitsrecht-hernichel.com\/#website"},"datePublished":"2016-02-23T18:14:01+00:00","dateModified":"2017-11-24T15:54:06+00:00","breadcrumb":{"@id":"http:\/\/arbeitsrecht-hernichel.com\/?page_id=11634#breadcrumb"},"inLanguage":"de-DE","potentialAction":[{"@type":"ReadAction","target":["http:\/\/arbeitsrecht-hernichel.com\/?page_id=11634"]}]},{"@type":"BreadcrumbList","@id":"http:\/\/arbeitsrecht-hernichel.com\/?page_id=11634#breadcrumb","itemListElement":[{"@type":"ListItem","position":1,"name":"Startseite","item":"http:\/\/arbeitsrecht-hernichel.com\/"},{"@type":"ListItem","position":2,"name":"Kanzlei"}]},{"@type":"WebSite","@id":"http:\/\/arbeitsrecht-hernichel.com\/#website","url":"http:\/\/arbeitsrecht-hernichel.com\/","name":"Kanzlei f\u00fcr Arbeitsrecht Dr. Hernichel","description":"Erfolg im Arbeitsrecht f\u00fcr Arbeitnehmer und Betriebsr\u00e4te!","potentialAction":[{"@type":"SearchAction","target":{"@type":"EntryPoint","urlTemplate":"http:\/\/arbeitsrecht-hernichel.com\/?s={search_term_string}"},"query-input":"required name=search_term_string"}],"inLanguage":"de-DE"}]}},"_links":{"self":[{"href":"http:\/\/arbeitsrecht-hernichel.com\/index.php?rest_route=\/wp\/v2\/pages\/11634"}],"collection":[{"href":"http:\/\/arbeitsrecht-hernichel.com\/index.php?rest_route=\/wp\/v2\/pages"}],"about":[{"href":"http:\/\/arbeitsrecht-hernichel.com\/index.php?rest_route=\/wp\/v2\/types\/page"}],"author":[{"embeddable":true,"href":"http:\/\/arbeitsrecht-hernichel.com\/index.php?rest_route=\/wp\/v2\/users\/1"}],"replies":[{"embeddable":true,"href":"http:\/\/arbeitsrecht-hernichel.com\/index.php?rest_route=%2Fwp%2Fv2%2Fcomments&post=11634"}],"version-history":[{"count":44,"href":"http:\/\/arbeitsrecht-hernichel.com\/index.php?rest_route=\/wp\/v2\/pages\/11634\/revisions"}],"predecessor-version":[{"id":12351,"href":"http:\/\/arbeitsrecht-hernichel.com\/index.php?rest_route=\/wp\/v2\/pages\/11634\/revisions\/12351"}],"wp:attachment":[{"href":"http:\/\/arbeitsrecht-hernichel.com\/index.php?rest_route=%2Fwp%2Fv2%2Fmedia&parent=11634"}],"curies":[{"name":"wp","href":"https:\/\/api.w.org\/{rel}","templated":true}]}}